{"id":6193,"date":"2024-03-21T02:12:55","date_gmt":"2024-03-21T01:12:55","guid":{"rendered":"https:\/\/royal-meuble.fr\/?post_type=product&#038;p=6193"},"modified":"2024-03-25T06:31:43","modified_gmt":"2024-03-25T05:31:43","slug":"table-a-rallonge-v-effet-marbre-noir-doreq","status":"publish","type":"product","link":"https:\/\/royal-meuble.fr\/index.php\/product\/table-a-rallonge-v-effet-marbre-noir-doreq\/","title":{"rendered":"TABLE A RALLONGE DOREQ"},"content":{"rendered":"<div class=\"product-single__description rte\">Choisissez une table effet marbre blanc ou noir design. Chaleur, t\u00e2ches, chocs, rayures, ce mat\u00e9riau est ultra r\u00e9sistant. Il se d\u00e9cline sous diff\u00e9rentes finitions qui se marieront \u00e0 merveille avec des int\u00e9rieurs contemporains comme plus traditionnels. Fonctionnelles, nos tables extensibles vous laissent la libert\u00e9&#8230;<\/div>\n<p>Table a rallonge\u00a0de 160 \u00e0 200<\/p>\n<p>L160-200\/ l90\/h75<\/p>\n","protected":false},"excerpt":{"rendered":"<p>Choisissez une table effet marbre blanc ou noir design. Chaleur, t\u00e2ches, chocs, rayures, ce mat\u00e9riau est ultra r\u00e9sistant. Il se d\u00e9cline sous diff\u00e9rentes finitions qui se marieront \u00e0 merveille avec des int\u00e9rieurs contemporains comme plus traditionnels. Fonctionnelles, nos tables extensibles vous laissent la libert\u00e9&#8230; Table a rallonge\u00a0de 160 \u00e0 200 L160-200\/ l90\/h75<\/p>\n","protected":false},"featured_media":6196,"comment_status":"open","ping_status":"closed","template":"","meta":{"om_disable_all_campaigns":false,"_monsterinsights_skip_tracking":false,"_monsterinsights_sitenote_active":false,"_monsterinsights_sitenote_note":"","_monsterinsights_sitenote_category":0},"product_brand":[],"product_cat":[182],"product_tag":[],"class_list":{"0":"post-6193","1":"product","2":"type-product","3":"status-publish","4":"has-post-thumbnail","6":"product_cat-table-repas","8":"first","9":"instock","10":"shipping-taxable","11":"purchasable","12":"product-type-variable","13":"berocket_lgv_grid","14":"berocket_lgv_list_grid"},"aioseo_notices":[],"_links":{"self":[{"href":"https:\/\/royal-meuble.fr\/index.php\/wp-json\/wp\/v2\/product\/6193","targetHints":{"allow":["GET"]}}],"collection":[{"href":"https:\/\/royal-meuble.fr\/index.php\/wp-json\/wp\/v2\/product"}],"about":[{"href":"https:\/\/royal-meuble.fr\/index.php\/wp-json\/wp\/v2\/types\/product"}],"replies":[{"embeddable":true,"href":"https:\/\/royal-meuble.fr\/index.php\/wp-json\/wp\/v2\/comments?post=6193"}],"wp:featuredmedia":[{"embeddable":true,"href":"https:\/\/royal-meuble.fr\/index.php\/wp-json\/wp\/v2\/media\/6196"}],"wp:attachment":[{"href":"https:\/\/royal-meuble.fr\/index.php\/wp-json\/wp\/v2\/media?parent=6193"}],"wp:term":[{"taxonomy":"product_brand","embeddable":true,"href":"https:\/\/royal-meuble.fr\/index.php\/wp-json\/wp\/v2\/product_brand?post=6193"},{"taxonomy":"product_cat","embeddable":true,"href":"https:\/\/royal-meuble.fr\/index.php\/wp-json\/wp\/v2\/product_cat?post=6193"},{"taxonomy":"product_tag","embeddable":true,"href":"https:\/\/royal-meuble.fr\/index.php\/wp-json\/wp\/v2\/product_tag?post=6193"}],"curies":[{"name":"wp","href":"https:\/\/api.w.org\/{rel}","templated":true}]}}