{"id":2722,"date":"2024-02-07T15:47:41","date_gmt":"2024-02-07T14:47:41","guid":{"rendered":"https:\/\/royal-meuble.fr\/?post_type=product&#038;p=2722"},"modified":"2024-04-29T19:06:34","modified_gmt":"2024-04-29T17:06:34","slug":"cadre-de-lit-polo-velours-gris","status":"publish","type":"product","link":"https:\/\/royal-meuble.fr\/index.php\/product\/cadre-de-lit-polo-velours-gris\/","title":{"rendered":"CADRE DE LIT POLO\u00a0 VELOURS"},"content":{"rendered":"<p><strong>Le cadre de lit Polo VELOURS <\/strong>\u00a0conjugue \u00e0 la fois un design contemporain et une touche classique d\u00e9voilant la sobri\u00e9t\u00e9. Tr\u00e8s innovant pour un nouveau style de d\u00e9co d&#8217;int\u00e9rieur avec une forme classique. Sa t\u00eate de lit capitonn\u00e9e rejoignant les deux c\u00f4t\u00e9s et accentu\u00e9e par un aspect clout\u00e9. Son rev\u00eatement en microfibres est un atout pour garantir une esth\u00e9tique raffin\u00e9e. Une touche de brillance sur les deux c\u00f4t\u00e9s de la t\u00eate de lit est une particularit\u00e9 du meuble, donnera une luxueuse apparence, tenue.<\/p>\n<p><strong>Le cadre de lit Polo<\/strong>\u00a0<strong>VELOURS GRI<\/strong>S est mont\u00e9 sur un support en bois, il combine stabilit\u00e9 et r\u00e9sistance dans le temps. Accompagn\u00e9 d&#8217;un sommier en lattes et assembl\u00e9 par un joint m\u00e9tallique pour des nuits en toute qui\u00e9tude.<\/p>\n<p>STRUCTURE EN BOIS, REVETEMENT EN VELOURS GRIS<\/p>\n","protected":false},"excerpt":{"rendered":"<p>Le cadre de lit Polo VELOURS \u00a0conjugue \u00e0 la fois un design contemporain et une touche classique d\u00e9voilant la sobri\u00e9t\u00e9. Tr\u00e8s innovant pour un nouveau style de d\u00e9co d&#8217;int\u00e9rieur avec une forme classique. Sa t\u00eate de lit capitonn\u00e9e rejoignant les deux c\u00f4t\u00e9s et accentu\u00e9e par un aspect clout\u00e9. Son rev\u00eatement en microfibres est un atout<\/p>\n<div class=\"klb-readmore entry-button\"><a class=\"btn link\" href=\"https:\/\/royal-meuble.fr\/index.php\/product\/cadre-de-lit-polo-velours-gris\/\">Lire la suite <i class=\"klbth-icon-right-arrow\"><\/i><\/a><\/div>\n","protected":false},"featured_media":2723,"comment_status":"open","ping_status":"closed","template":"","meta":{"om_disable_all_campaigns":false,"_monsterinsights_skip_tracking":false,"_monsterinsights_sitenote_active":false,"_monsterinsights_sitenote_note":"","_monsterinsights_sitenote_category":0},"product_brand":[],"product_cat":[133],"product_tag":[],"class_list":{"0":"post-2722","1":"product","2":"type-product","3":"status-publish","4":"has-post-thumbnail","6":"product_cat-cadre-de-lit","8":"first","9":"instock","10":"shipping-taxable","11":"purchasable","12":"product-type-variable","13":"berocket_lgv_grid","14":"berocket_lgv_list_grid"},"aioseo_notices":[],"_links":{"self":[{"href":"https:\/\/royal-meuble.fr\/index.php\/wp-json\/wp\/v2\/product\/2722","targetHints":{"allow":["GET"]}}],"collection":[{"href":"https:\/\/royal-meuble.fr\/index.php\/wp-json\/wp\/v2\/product"}],"about":[{"href":"https:\/\/royal-meuble.fr\/index.php\/wp-json\/wp\/v2\/types\/product"}],"replies":[{"embeddable":true,"href":"https:\/\/royal-meuble.fr\/index.php\/wp-json\/wp\/v2\/comments?post=2722"}],"wp:featuredmedia":[{"embeddable":true,"href":"https:\/\/royal-meuble.fr\/index.php\/wp-json\/wp\/v2\/media\/2723"}],"wp:attachment":[{"href":"https:\/\/royal-meuble.fr\/index.php\/wp-json\/wp\/v2\/media?parent=2722"}],"wp:term":[{"taxonomy":"product_brand","embeddable":true,"href":"https:\/\/royal-meuble.fr\/index.php\/wp-json\/wp\/v2\/product_brand?post=2722"},{"taxonomy":"product_cat","embeddable":true,"href":"https:\/\/royal-meuble.fr\/index.php\/wp-json\/wp\/v2\/product_cat?post=2722"},{"taxonomy":"product_tag","embeddable":true,"href":"https:\/\/royal-meuble.fr\/index.php\/wp-json\/wp\/v2\/product_tag?post=2722"}],"curies":[{"name":"wp","href":"https:\/\/api.w.org\/{rel}","templated":true}]}}