{"id":2712,"date":"2024-02-07T15:35:24","date_gmt":"2024-02-07T14:35:24","guid":{"rendered":"https:\/\/royal-meuble.fr\/?post_type=product&#038;p=2712"},"modified":"2024-04-29T19:10:09","modified_gmt":"2024-04-29T17:10:09","slug":"cadre-de-lit-piano-en-velours-beige","status":"publish","type":"product","link":"https:\/\/royal-meuble.fr\/index.php\/product\/cadre-de-lit-piano-en-velours-beige\/","title":{"rendered":"CADRE DE LIT PIANO\u00a0 EN VELOURS"},"content":{"rendered":"<p>Mati\u00e8re velours d\u2019une qualit\u00e9 exceptionnelle<\/p>\n<p>Pour les amoureux de la nature, d\u00e9couvrez le<strong> cadre de lit piano VELOURS <\/strong>. Avec sa t\u00eate de lit \u00e9l\u00e9gante, ses pieds de lit en chrome et un tissu en velours de haute qualit\u00e9, le\u00a0<strong>lit double coffre Natura<\/strong> arbore une finition tout aussi raffin\u00e9e que simpliste. D\u00e9clin\u00e9 en BEIGE, votre <strong>lit\u00a02 places<\/strong>\u00a0s\u2019int\u00e8gre parfaitement dans tout type d\u2019int\u00e9rieur\u00a0: vintage, moderne, traditionnel. Dot\u00e9 d\u2019un double coffre large, votre lit\u00a0dispose de tout l\u2019espace n\u00e9cessaire pour ranger vos draps, plaids, coussins et couettes. Votre lit 2 places est disponible en 3 mod\u00e8les afin de satisfaire tous les go\u00fbts.<\/p>\n<p>STRUCTURE EN BOIS, REVETEMENT EN VELOURS BEIGE<\/p>\n","protected":false},"excerpt":{"rendered":"<p>Mati\u00e8re velours d\u2019une qualit\u00e9 exceptionnelle Pour les amoureux de la nature, d\u00e9couvrez le cadre de lit piano VELOURS . Avec sa t\u00eate de lit \u00e9l\u00e9gante, ses pieds de lit en chrome et un tissu en velours de haute qualit\u00e9, le\u00a0lit double coffre Natura arbore une finition tout aussi raffin\u00e9e que simpliste. D\u00e9clin\u00e9 en BEIGE, votre<\/p>\n<div class=\"klb-readmore entry-button\"><a class=\"btn link\" href=\"https:\/\/royal-meuble.fr\/index.php\/product\/cadre-de-lit-piano-en-velours-beige\/\">Lire la suite <i class=\"klbth-icon-right-arrow\"><\/i><\/a><\/div>\n","protected":false},"featured_media":2713,"comment_status":"open","ping_status":"closed","template":"","meta":{"om_disable_all_campaigns":false,"_monsterinsights_skip_tracking":false,"_monsterinsights_sitenote_active":false,"_monsterinsights_sitenote_note":"","_monsterinsights_sitenote_category":0},"product_brand":[],"product_cat":[133],"product_tag":[],"class_list":{"0":"post-2712","1":"product","2":"type-product","3":"status-publish","4":"has-post-thumbnail","6":"product_cat-cadre-de-lit","8":"first","9":"instock","10":"shipping-taxable","11":"purchasable","12":"product-type-variable","13":"berocket_lgv_grid","14":"berocket_lgv_list_grid"},"aioseo_notices":[],"_links":{"self":[{"href":"https:\/\/royal-meuble.fr\/index.php\/wp-json\/wp\/v2\/product\/2712","targetHints":{"allow":["GET"]}}],"collection":[{"href":"https:\/\/royal-meuble.fr\/index.php\/wp-json\/wp\/v2\/product"}],"about":[{"href":"https:\/\/royal-meuble.fr\/index.php\/wp-json\/wp\/v2\/types\/product"}],"replies":[{"embeddable":true,"href":"https:\/\/royal-meuble.fr\/index.php\/wp-json\/wp\/v2\/comments?post=2712"}],"wp:featuredmedia":[{"embeddable":true,"href":"https:\/\/royal-meuble.fr\/index.php\/wp-json\/wp\/v2\/media\/2713"}],"wp:attachment":[{"href":"https:\/\/royal-meuble.fr\/index.php\/wp-json\/wp\/v2\/media?parent=2712"}],"wp:term":[{"taxonomy":"product_brand","embeddable":true,"href":"https:\/\/royal-meuble.fr\/index.php\/wp-json\/wp\/v2\/product_brand?post=2712"},{"taxonomy":"product_cat","embeddable":true,"href":"https:\/\/royal-meuble.fr\/index.php\/wp-json\/wp\/v2\/product_cat?post=2712"},{"taxonomy":"product_tag","embeddable":true,"href":"https:\/\/royal-meuble.fr\/index.php\/wp-json\/wp\/v2\/product_tag?post=2712"}],"curies":[{"name":"wp","href":"https:\/\/api.w.org\/{rel}","templated":true}]}}